{"id":1756,"date":"2020-03-16T13:04:08","date_gmt":"2020-03-16T10:04:08","guid":{"rendered":"https:\/\/eminis.com.tr\/corporate\/"},"modified":"2025-05-06T12:02:56","modified_gmt":"2025-05-06T09:02:56","slug":"about-us","status":"publish","type":"page","link":"https:\/\/eminis.com.tr\/en\/about-us\/","title":{"rendered":"Corporate"},"content":{"rendered":"\t\t<div data-elementor-type=\"wp-page\" data-elementor-id=\"1756\" class=\"elementor elementor-1756 elementor-94\">\n\t\t\t\t\t\t<section class=\"elementor-section elementor-top-section elementor-element elementor-element-d4735f3 elementor-section-boxed elementor-section-height-default elementor-section-height-default\" data-id=\"d4735f3\" data-element_type=\"section\" data-e-type=\"section\">\n\t\t\t\t\t\t<div class=\"elementor-container elementor-column-gap-default\">\n\t\t\t\t\t<div class=\"elementor-column elementor-col-50 elementor-top-column elementor-element elementor-element-b46ca0a\" data-id=\"b46ca0a\" data-element_type=\"column\" data-e-type=\"column\">\n\t\t\t<div class=\"elementor-widget-wrap elementor-element-populated\">\n\t\t\t\t\t\t<div class=\"elementor-element elementor-element-fa78274 elementor-widget elementor-widget-heading\" data-id=\"fa78274\" data-element_type=\"widget\" data-e-type=\"widget\" data-widget_type=\"heading.default\">\n\t\t\t\t<div class=\"elementor-widget-container\">\n\t\t\t\t\t<h3 class='heading-left  divider-modern'  style=\"color:#000000\"><span><em class=\"heading-subtitle\">Emini\u015f Ambalaj<\/em>ABOUT US<\/span><\/h3>\t\t\t\t<\/div>\n\t\t\t\t<\/div>\n\t\t\t\t<div class=\"elementor-element elementor-element-2e39c59 elementor-widget elementor-widget-text-editor\" data-id=\"2e39c59\" data-element_type=\"widget\" data-e-type=\"widget\" data-widget_type=\"text-editor.default\">\n\t\t\t\t<div class=\"elementor-widget-container\">\n\t\t\t\t\t\t\t\t\t<p>Emini\u015f Packaging took its first step into the plastic and metal packaging production sector in 1970. While serving to paint and chemical industry companies in the first years, it expanded its service network with the food sector. It took a big step in terms of institutionalism by opening to the Istanbul Stock Exchange in 1994.<\/p><p>Emini\u015f Packaging manufactures plastic injections using metal packaging and in-mold labeling system (IML-In Mold Labeling):<\/p><p><strong>Construction Industry<\/strong><br>Paint and Chemical Industry<br>Mineral Oil Industry<br>Construction Chemicals Industry<br>Pool Chemicals Industry<\/p><p><strong>Food Sector<\/strong><br>Confectionery Sector<br>Marmalade and Chocolate Sector<br>Powder Beverage Sector<\/p><p><strong>Cosmetics Industry<\/strong><\/p><p>It serves as a solution partner of its customers in many sectors such as<\/p><p>Apart from these sectors, it also supports its customers&#8217; R&amp;D studies with alternative solutions it offers.<\/p><p> <\/p>\t\t\t\t\t\t\t\t<\/div>\n\t\t\t\t<\/div>\n\t\t\t\t\t<\/div>\n\t\t<\/div>\n\t\t\t\t<div class=\"elementor-column elementor-col-50 elementor-top-column elementor-element elementor-element-6606ae0\" data-id=\"6606ae0\" data-element_type=\"column\" data-e-type=\"column\">\n\t\t\t<div class=\"elementor-widget-wrap elementor-element-populated\">\n\t\t\t\t\t\t<div class=\"elementor-element elementor-element-6fd0c6d elementor-widget elementor-widget-spacer\" data-id=\"6fd0c6d\" data-element_type=\"widget\" data-e-type=\"widget\" data-widget_type=\"spacer.default\">\n\t\t\t\t<div class=\"elementor-widget-container\">\n\t\t\t\t\t\t\t<div class=\"elementor-spacer\">\n\t\t\t<div class=\"elementor-spacer-inner\"><\/div>\n\t\t<\/div>\n\t\t\t\t\t\t<\/div>\n\t\t\t\t<\/div>\n\t\t\t\t<div class=\"elementor-element elementor-element-6f7810d elementor-widget elementor-widget-image\" data-id=\"6f7810d\" data-element_type=\"widget\" data-e-type=\"widget\" data-widget_type=\"image.default\">\n\t\t\t\t<div class=\"elementor-widget-container\">\n\t\t\t\t\t\t\t\t\t\t\t\t\t\t\t<img fetchpriority=\"high\" decoding=\"async\" width=\"590\" height=\"394\" src=\"https:\/\/eminis.com.tr\/wp-content\/uploads\/2022\/05\/genelmerkezeminisambalaj.jpg\" class=\"attachment-large size-large wp-image-1599\" alt=\"\" srcset=\"https:\/\/eminis.com.tr\/wp-content\/uploads\/2022\/05\/genelmerkezeminisambalaj.jpg 590w, https:\/\/eminis.com.tr\/wp-content\/uploads\/2022\/05\/genelmerkezeminisambalaj-300x200.jpg 300w\" sizes=\"(max-width: 590px) 100vw, 590px\" \/>\t\t\t\t\t\t\t\t\t\t\t\t\t\t\t<\/div>\n\t\t\t\t<\/div>\n\t\t\t\t\t<\/div>\n\t\t<\/div>\n\t\t\t\t\t<\/div>\n\t\t<\/section>\n\t\t\t\t<section class=\"elementor-section elementor-top-section elementor-element elementor-element-5d6f17b elementor-section-full_width elementor-section-height-default elementor-section-height-default\" data-id=\"5d6f17b\" data-element_type=\"section\" data-e-type=\"section\">\n\t\t\t\t\t\t<div class=\"elementor-container elementor-column-gap-default\">\n\t\t\t\t\t<div class=\"elementor-column elementor-col-100 elementor-top-column elementor-element elementor-element-b9f7542\" data-id=\"b9f7542\" data-element_type=\"column\" data-e-type=\"column\">\n\t\t\t<div class=\"elementor-widget-wrap elementor-element-populated\">\n\t\t\t\t\t\t<div class=\"elementor-element elementor-element-94d69b0 elementor-widget elementor-widget-accordion\" data-id=\"94d69b0\" data-element_type=\"widget\" data-e-type=\"widget\" data-widget_type=\"accordion.default\">\n\t\t\t\t<div class=\"elementor-widget-container\">\n\t\t\t\t\t\t\t<div class=\"elementor-accordion\">\n\t\t\t\t\t\t\t<div class=\"elementor-accordion-item\">\n\t\t\t\t\t<div id=\"elementor-tab-title-1561\" class=\"elementor-tab-title\" data-tab=\"1\" role=\"button\" aria-controls=\"elementor-tab-content-1561\" aria-expanded=\"false\">\n\t\t\t\t\t\t\t\t\t\t\t\t\t<span class=\"elementor-accordion-icon elementor-accordion-icon-left\" aria-hidden=\"true\">\n\t\t\t\t\t\t\t\t\t\t\t\t\t\t\t<span class=\"elementor-accordion-icon-closed\"><i class=\"fas fa-chevron-right\"><\/i><\/span>\n\t\t\t\t\t\t\t\t<span class=\"elementor-accordion-icon-opened\"><i class=\"fas fa-minus\"><\/i><\/span>\n\t\t\t\t\t\t\t\t\t\t\t\t\t\t<\/span>\n\t\t\t\t\t\t\t\t\t\t\t\t<a class=\"elementor-accordion-title\" tabindex=\"0\">Vision &amp; Mission<\/a>\n\t\t\t\t\t<\/div>\n\t\t\t\t\t<div id=\"elementor-tab-content-1561\" class=\"elementor-tab-content elementor-clearfix\" data-tab=\"1\" role=\"region\" aria-labelledby=\"elementor-tab-title-1561\"><p><strong>Our vision;<\/strong> <\/p>\n<p>To maintain its position as a leading, innovative and reliable manufacturer, to continue to be a strategic solution partner by adding value to its customers.<\/p>\n<p><strong>Our Mission;<\/strong><\/p>\n<ul>\n<li>\n<p>To meet the demands of our customers with fast, effective and quality solutions,<\/p>\n<\/li>\n<li>\n<p>To meet the expectations of our shareholders and to increase them steadily,<\/p>\n<\/li>\n<li>\n<p>To encourage our employees to show the highest performance in their jobs.<\/p>\n<\/li>\n<li>\n<p>To protect the environment by focusing on the perception of sustainability in production technologies.<\/p>\n<\/li>\n<\/ul>\n<p><strong>Emini\u015f Packaging Integrated Management System;<\/strong><\/p>\n<ul>\n<li>\n<p>Metal and plastic production processes at Emini\u015f Packaging activity address,<\/p>\n<\/li>\n<li>\n<p>The stages from the procurement of the inputs that make up the products to the realization of operational activities and the delivery of the products to the customer, including storage,<\/p>\n<\/li>\n<li>\n<p>Activities up to the disposal of the wastes belonging to Emini\u015f at the customer,<\/p>\n<\/li>\n<li>\n<p>Activities up to the disposal of all kinds of waste in Emini\u015f,<\/p>\n<\/li>\n<li>\n<p>The environment in which it interacts with and is affected by the working environment,<\/p>\n<\/li>\n<li>\n<p>physical and environmental conditions,<\/p>\n<\/li>\n<li>\n<p>Activities of managers, employees, trainees in the Emini\u015f,<\/p>\n<\/li>\n<li>\n<p>Emini\u015f employee&#8217;s activities outside the company (commuting to work, supplier field inspections, customer visits, fair-seminar-training participation, etc.),<\/p>\n<\/li>\n<li>\n<p>Companies located on the same campus,<\/p>\n<\/li>\n<li>\n<p>Subcontractors, suppliers and visitors within the boundaries of the workplace,<\/p>\n<\/li>\n<li>\n<p>Activities carried out by external suppliers for the process, product and service provided to Emini\u015f,<\/p>\n<\/li>\n<li>\n<p>Activities in the production and warehouse area<\/p>\n<\/li>\n<\/ul>\n<p>covers.<\/p>\n<\/div>\n\t\t\t\t<\/div>\n\t\t\t\t\t\t\t<div class=\"elementor-accordion-item\">\n\t\t\t\t\t<div id=\"elementor-tab-title-1562\" class=\"elementor-tab-title\" data-tab=\"2\" role=\"button\" aria-controls=\"elementor-tab-content-1562\" aria-expanded=\"false\">\n\t\t\t\t\t\t\t\t\t\t\t\t\t<span class=\"elementor-accordion-icon elementor-accordion-icon-left\" aria-hidden=\"true\">\n\t\t\t\t\t\t\t\t\t\t\t\t\t\t\t<span class=\"elementor-accordion-icon-closed\"><i class=\"fas fa-chevron-right\"><\/i><\/span>\n\t\t\t\t\t\t\t\t<span class=\"elementor-accordion-icon-opened\"><i class=\"fas fa-minus\"><\/i><\/span>\n\t\t\t\t\t\t\t\t\t\t\t\t\t\t<\/span>\n\t\t\t\t\t\t\t\t\t\t\t\t<a class=\"elementor-accordion-title\" tabindex=\"0\">Quality Policy<\/a>\n\t\t\t\t\t<\/div>\n\t\t\t\t\t<div id=\"elementor-tab-content-1562\" class=\"elementor-tab-content elementor-clearfix\" data-tab=\"2\" role=\"region\" aria-labelledby=\"elementor-tab-title-1562\"><div class=\"content\">\n<div class=\"contents\">\n<p><strong>Emini\u015f Packaging<\/strong> has to produce quality products that ensure customer satisfaction, by following the developments in technology and systems in an ever-increasing competitive environment, together with its commitment to fulfill the applicable legislation requirements and the applicable requirements of the ISO9001 management system.<\/p>\n<p>\u201cEmini\u015f Packaging Quality Philosophy\u201d is a customer-oriented and continuous improvement program, and to ensure the satisfaction of our customers with quality products, timely delivery and acceptable prices.<\/p>\n<p>The existing system will be continuously improved in order to meet the needs and expectations of all interested parties and to increase the quality of the product. This improvement will be supported by an application-oriented training approach that will enable our employees to develop themselves and improve customer and quality awareness.<\/p>\n<p>The target is to produce with zero error, to make the best use of our existing resources by reducing scrap and waste. Ensuring an efficient working environment in a clean environment should be the common goal of all our employees.<\/p>\n<\/div>\n<\/div>\n<\/div>\n\t\t\t\t<\/div>\n\t\t\t\t\t\t\t<div class=\"elementor-accordion-item\">\n\t\t\t\t\t<div id=\"elementor-tab-title-1563\" class=\"elementor-tab-title\" data-tab=\"3\" role=\"button\" aria-controls=\"elementor-tab-content-1563\" aria-expanded=\"false\">\n\t\t\t\t\t\t\t\t\t\t\t\t\t<span class=\"elementor-accordion-icon elementor-accordion-icon-left\" aria-hidden=\"true\">\n\t\t\t\t\t\t\t\t\t\t\t\t\t\t\t<span class=\"elementor-accordion-icon-closed\"><i class=\"fas fa-chevron-right\"><\/i><\/span>\n\t\t\t\t\t\t\t\t<span class=\"elementor-accordion-icon-opened\"><i class=\"fas fa-minus\"><\/i><\/span>\n\t\t\t\t\t\t\t\t\t\t\t\t\t\t<\/span>\n\t\t\t\t\t\t\t\t\t\t\t\t<a class=\"elementor-accordion-title\" tabindex=\"0\">Environmental Policy<\/a>\n\t\t\t\t\t<\/div>\n\t\t\t\t\t<div id=\"elementor-tab-content-1563\" class=\"elementor-tab-content elementor-clearfix\" data-tab=\"3\" role=\"region\" aria-labelledby=\"elementor-tab-title-1563\"><p><strong>Emini\u015f Ambalaj <\/strong>undertakes that it will be sensitive to all the environment it affects and is affected by and will fulfill all its obligations while producing metal and plastic packaging for the chemical and food sectors; processes will be determined within the framework of the Environmental Management System and the necessary resources will be provided, the necessary measures will be fully implemented in all areas in line with the determined processes; in this direction, it undertakes to carry out the following actions and measures:<\/p>\n<ul>\n<li>To ensure that all wastes that may arise as a result of its activities are in the minimum amount and that no waste is left uncontrolled,<\/li>\n<li>To ensure the continuous improvement of the environmental management system in order to fulfill all compliance obligations and increase environmental performance,<\/li>\n<li>To determine the amount of use of resources such as electricity, water and natural gas used and to set targets in order to reduce them in a planned manner by taking advantage of technological innovations,<\/li>\n<li>To provide awareness-raising trainings for everyone working on behalf of Emini\u015f to assimilate the company&#8217;s Environmental Policy and targets,<\/li>\n<li>To ensure that all interested parties have access to our environmental policy,<\/li>\n<li>To take all kinds of measures to prevent pollution and to protect the environment, to encourage control and regulatory activities,<\/li>\n<li>To provide the necessary resources for the creation of an emergency plan for environmental safety and the effective management of emergency management,<\/li>\n<li>Analyzing environmental accidents and determining their root causes and ensuring the development of the environmental management system. <\/li>\n<\/ul>\n<\/div>\n\t\t\t\t<\/div>\n\t\t\t\t\t\t\t<div class=\"elementor-accordion-item\">\n\t\t\t\t\t<div id=\"elementor-tab-title-1564\" class=\"elementor-tab-title\" data-tab=\"4\" role=\"button\" aria-controls=\"elementor-tab-content-1564\" aria-expanded=\"false\">\n\t\t\t\t\t\t\t\t\t\t\t\t\t<span class=\"elementor-accordion-icon elementor-accordion-icon-left\" aria-hidden=\"true\">\n\t\t\t\t\t\t\t\t\t\t\t\t\t\t\t<span class=\"elementor-accordion-icon-closed\"><i class=\"fas fa-chevron-right\"><\/i><\/span>\n\t\t\t\t\t\t\t\t<span class=\"elementor-accordion-icon-opened\"><i class=\"fas fa-minus\"><\/i><\/span>\n\t\t\t\t\t\t\t\t\t\t\t\t\t\t<\/span>\n\t\t\t\t\t\t\t\t\t\t\t\t<a class=\"elementor-accordion-title\" tabindex=\"0\">Food Safety Policy<\/a>\n\t\t\t\t\t<\/div>\n\t\t\t\t\t<div id=\"elementor-tab-content-1564\" class=\"elementor-tab-content elementor-clearfix\" data-tab=\"4\" role=\"region\" aria-labelledby=\"elementor-tab-title-1564\"><p>To ensure food safety, high hygiene standards and continuity of customer satisfaction. To fulfill the domestic and international legal responsibilities related to food safety in addition to the Food Codex.<\/p>\n<p>To ensure that employees are aware of the Food Safety Policy and take their necessary responsibility. To create food safety awareness of the employees by providing the necessary trainings to the employees and to ensure their continuous improvement.<\/p>\n<p>To provide resources, to create, implement and maintain effective regulations to ensure communication with personnel on issues that have an impact on external communication and food safety.<\/p>\n<p>To prevent all kinds of physical, chemical and microbiological contamination in all processes, including raw material procurement, production, storage and shipment stages, in order to ensure the quality and reliability of our plastic packaging products. To benefit from technological innovations related to packaging, in an appropriate infrastructure and working environment, to increase food safety and to meet the food safety requirements of customers and organizations.<\/p>\n<p>To continuously improve the existing system by making arrangements with a system approach in line with the developing and changing customer demands, legal requirements and company targets for ensuring food safety.<\/p>\n<\/div>\n\t\t\t\t<\/div>\n\t\t\t\t\t\t\t<div class=\"elementor-accordion-item\">\n\t\t\t\t\t<div id=\"elementor-tab-title-1565\" class=\"elementor-tab-title\" data-tab=\"5\" role=\"button\" aria-controls=\"elementor-tab-content-1565\" aria-expanded=\"false\">\n\t\t\t\t\t\t\t\t\t\t\t\t\t<span class=\"elementor-accordion-icon elementor-accordion-icon-left\" aria-hidden=\"true\">\n\t\t\t\t\t\t\t\t\t\t\t\t\t\t\t<span class=\"elementor-accordion-icon-closed\"><i class=\"fas fa-chevron-right\"><\/i><\/span>\n\t\t\t\t\t\t\t\t<span class=\"elementor-accordion-icon-opened\"><i class=\"fas fa-minus\"><\/i><\/span>\n\t\t\t\t\t\t\t\t\t\t\t\t\t\t<\/span>\n\t\t\t\t\t\t\t\t\t\t\t\t<a class=\"elementor-accordion-title\" tabindex=\"0\">Social Responsibility<\/a>\n\t\t\t\t\t<\/div>\n\t\t\t\t\t<div id=\"elementor-tab-content-1565\" class=\"elementor-tab-content elementor-clearfix\" data-tab=\"5\" role=\"region\" aria-labelledby=\"elementor-tab-title-1565\"><p>Emini\u015f Packaging maintains its pioneering and leading position with its social responsibility awareness and practices.<\/p>\n<p>It is in close cooperation with primary education, high school and higher education institutions in the region where it is established, especially in the field of education. Within the framework of the protocols signed with the Hereke \u00d6mer \u0130smet Uzunyol Paint Technology School (<a href=\"http:\/\/www.uzunyolmyo.kou.edu.tr\/\" target=\"_blank\" rel=\"noopener\">www.uzunyolmyo.kou.edu.tr<\/a>) within Kocaeli University, our students are taught with the training\/seminar support given by my employees who have competencies in their field, and support is given to the training of qualified intermediate workforce that the industry needs. .<\/p>\n<p>Our company, which supports the fairs that offer employment opportunities both as a participant and as a sponsor, also contributes to professional development with internship opportunities.<\/p>\n<\/div>\n\t\t\t\t<\/div>\n\t\t\t\t\t\t\t<div class=\"elementor-accordion-item\">\n\t\t\t\t\t<div id=\"elementor-tab-title-1566\" class=\"elementor-tab-title\" data-tab=\"6\" role=\"button\" aria-controls=\"elementor-tab-content-1566\" aria-expanded=\"false\">\n\t\t\t\t\t\t\t\t\t\t\t\t\t<span class=\"elementor-accordion-icon elementor-accordion-icon-left\" aria-hidden=\"true\">\n\t\t\t\t\t\t\t\t\t\t\t\t\t\t\t<span class=\"elementor-accordion-icon-closed\"><i class=\"fas fa-chevron-right\"><\/i><\/span>\n\t\t\t\t\t\t\t\t<span class=\"elementor-accordion-icon-opened\"><i class=\"fas fa-minus\"><\/i><\/span>\n\t\t\t\t\t\t\t\t\t\t\t\t\t\t<\/span>\n\t\t\t\t\t\t\t\t\t\t\t\t<a class=\"elementor-accordion-title\" tabindex=\"0\">Human Resources<\/a>\n\t\t\t\t\t<\/div>\n\t\t\t\t\t<div id=\"elementor-tab-content-1566\" class=\"elementor-tab-content elementor-clearfix\" data-tab=\"6\" role=\"region\" aria-labelledby=\"elementor-tab-title-1566\"><p><strong>Working at Emini\u015f<\/strong><br \/>Each employee of Emini\u015f Ambalaj knows what is expected of him\/her and that he\/she will directly contribute to the achievement of our company&#8217;s goals by realizing his\/her individual goals. Our company, which trains its managers within its own structure, undertakes the mission of management school in this respect. It is in the first place in the list of companies that people who are looking for employment both in the sector and in the region they want to work with.<\/p>\n<p><strong>Emini\u015fte Education=Development<\/strong><br \/>Our company activities are supported by training programs. In this way, employees are provided with the necessary knowledge and skills to achieve the targeted results.<\/p>\n<p>Newly recruited employees participate in the &#8220;On-the-Job Training Program&#8221; from the first day of their employment. This is followed by the \u201cOrientation Programme\u201d, which helps them adopt the group and company culture and facilitate their adaptation to the company. In line with the objectives of the company, Annual Training Plans are prepared, which include the necessary trainings for the employees to perform better.<\/p>\n<p>Emini\u015f also offers opportunities such as enriching the work of its employees, assigning additional tasks and inviting them to the rotation program.<\/p>\n<p><strong>Job Application<\/strong><br \/>All job applications to our Company are accepted only through the &#8220;Job Application Form&#8221;. In order to be able to apply for a job, the form must be filled out completely and it must be stated in which departments of our company and in which positions you want to be employed. The same process applies to internship applications.<\/p>\n<p>You can contact us to apply for a job.<\/p>\n<\/div>\n\t\t\t\t<\/div>\n\t\t\t\t\t\t\t<div class=\"elementor-accordion-item\">\n\t\t\t\t\t<div id=\"elementor-tab-title-1567\" class=\"elementor-tab-title\" data-tab=\"7\" role=\"button\" aria-controls=\"elementor-tab-content-1567\" aria-expanded=\"false\">\n\t\t\t\t\t\t\t\t\t\t\t\t\t<span class=\"elementor-accordion-icon elementor-accordion-icon-left\" aria-hidden=\"true\">\n\t\t\t\t\t\t\t\t\t\t\t\t\t\t\t<span class=\"elementor-accordion-icon-closed\"><i class=\"fas fa-chevron-right\"><\/i><\/span>\n\t\t\t\t\t\t\t\t<span class=\"elementor-accordion-icon-opened\"><i class=\"fas fa-minus\"><\/i><\/span>\n\t\t\t\t\t\t\t\t\t\t\t\t\t\t<\/span>\n\t\t\t\t\t\t\t\t\t\t\t\t<a class=\"elementor-accordion-title\" tabindex=\"0\">Association Memberships<\/a>\n\t\t\t\t\t<\/div>\n\t\t\t\t\t<div id=\"elementor-tab-content-1567\" class=\"elementor-tab-content elementor-clearfix\" data-tab=\"7\" role=\"region\" aria-labelledby=\"elementor-tab-title-1567\"><p>&nbsp;<\/p>\n<table border=\"0\" width=\"90%\" cellpadding=\"10\">\n<tbody>\n<tr>\n<td><a href=\"http:\/\/www.ambalaj.org.tr\/\" target=\"_blank\" rel=\"noopener\">ASD<\/a> &#8211; Packaging Manufacturers Association &#8211; <a href=\"http:\/\/www.ambalaj.org.tr\/\">www.ambalaj.org.tr<\/a><\/td>\n<\/tr>\n<tr>\n<td><a href=\"http:\/\/www.ambalaj.org.tr\/sepaindex.html\" target=\"_blank\" rel=\"noopener\">SEPA &#8211; Rigid Plastic Packaging<\/a> Manufacturers Association &#8211; <a href=\"http:\/\/www.ambalaj.org.tr\/sepaindex.html\">http:\/\/www.ambalaj.org.tr\/sepaindex.html<\/a><\/td>\n<\/tr>\n<tr>\n<td><a href=\"http:\/\/www.kiplas.org.tr\/\" target=\"_blank\" rel=\"noopener\">K\u0130PLAS<\/a><a href=\"http:\/\/www.ambalaj.org.tr\/sepaindex.html\" target=\"_blank\" rel=\"noopener\">&#8211;<\/a>Turkish Chemical, Petroleum, Rubber and Plastic Industry Employers&#8217; Union<a href=\"http:\/\/www.ambalaj.org.tr\/sepaindex.html\" target=\"_blank\" rel=\"noopener\">&#8211;<\/a><a href=\"https:\/\/www.kiplas.org.tr\/\">https:\/\/www.kiplas.org.tr<\/a><\/td>\n<\/tr>\n<tr>\n<td><a href=\"http:\/\/www.kiplas.org.tr\/\" target=\"_blank\" rel=\"noopener\">T\u0130SK<\/a> &#8211; Confederation of Turkish Employers&#8217; Associations &#8211; <a href=\"https:\/\/www.tisk.org.tr\/\">https:\/\/www.tisk.org.tr<\/a><\/td>\n<\/tr>\n<tr>\n<td>\n<p data-pm-slice=\"1 1 []\"><a href=\"https:\/\/immib.org.tr\/\">\u0130MM\u0130B<\/a> &#8211; Istanbul Minerals and Metals Exporters&#8217; Association &#8211; <a href=\"https:\/\/immib.org.tr\/\">https:\/\/immib.org.tr<\/a><\/p>\n<\/td>\n<\/tr>\n<tr>\n<td>\n<p data-pm-slice=\"1 1 []\"><a href=\"https:\/\/www.gebzeto.org.tr\/\">GEBZE T\u0130CARET ODASI<\/a> &#8211; Gebze Chamber of Commerce &#8211;<a href=\"https:\/\/www.gebzeto.org.tr\">https:\/\/www.gebzeto.org.tr<\/a><\/p>\n<\/td>\n<\/tr>\n<tr>\n<td>\n<p data-pm-slice=\"1 1 []\"><a href=\"http:\/\/dosb.com.tr\/\">D\u0130LOVASI ORGAN\u0130ZE SANAY\u0130 B\u00d6LGES\u0130<\/a> &#8211; Dilovasi Organized Industrial Zone &#8211; <a href=\"http:\/\/dosb.com.tr\">http:\/\/dosb.com.tr<\/a><\/p>\n<\/td>\n<\/tr>\n<tr>\n<td>\n<p data-pm-slice=\"1 1 []\"><a href=\"https:\/\/immib.org.tr\/\">\u0130MM\u0130B<\/a> &#8211; Istanbul Minerals and Metals Exporters&#8217; Association &#8211; <a href=\"https:\/\/immib.org.tr\/\">https:\/\/immib.org.tr<\/a><\/p>\n<\/td>\n<\/tr>\n<tr>\n<td>\n<p data-pm-slice=\"1 1 []\"><a href=\"https:\/\/www.mkk.com.tr\/\">MERKEZ\u0130 KAYIT KURULU\u015eU<\/a> &#8211; Central Registry Agency &#8211; <a href=\"https:\/\/www.mkk.com.tr\/\">https:\/\/www.mkk.com.tr<\/a><\/p>\n<\/td>\n<\/tr>\n<tr>\n<td>\n<p data-pm-slice=\"1 1 []\"><a href=\"https:\/\/www.borsaistanbul.com\/\">BORSA \u0130STANBUL<\/a> &#8211; Borsa \u0130stanbul &#8211;<a href=\"https:\/\/www.borsaistanbul.com\/\">https:\/\/www.borsaistanbul.com<\/a><\/p>\n<\/td>\n<\/tr>\n<tr>\n<td>\n<p data-pm-slice=\"1 1 []\"><a href=\"https:\/\/bosad.org.tr\/\">BOSAD<\/a> &#8211; The Association of Paint Industry &#8211;<a href=\"https:\/\/bosad.org.tr\/\">https:\/\/bosad.org.tr\/a&gt;<\/p>\n<\/td>\n<\/tr>\n<\/tbody>\n<\/table>\n<\/div>\n\t\t\t\t<\/div>\n\t\t\t\t\t\t\t<div class=\"elementor-accordion-item\">\n\t\t\t\t\t<div id=\"elementor-tab-title-1568\" class=\"elementor-tab-title\" data-tab=\"8\" role=\"button\" aria-controls=\"elementor-tab-content-1568\" aria-expanded=\"false\">\n\t\t\t\t\t\t\t\t\t\t\t\t\t<span class=\"elementor-accordion-icon elementor-accordion-icon-left\" aria-hidden=\"true\">\n\t\t\t\t\t\t\t\t\t\t\t\t\t\t\t<span class=\"elementor-accordion-icon-closed\"><i class=\"fas fa-chevron-right\"><\/i><\/span>\n\t\t\t\t\t\t\t\t<span class=\"elementor-accordion-icon-opened\"><i class=\"fas fa-minus\"><\/i><\/span>\n\t\t\t\t\t\t\t\t\t\t\t\t\t\t<\/span>\n\t\t\t\t\t\t\t\t\t\t\t\t<a class=\"elementor-accordion-title\" tabindex=\"0\">Occupational Health and Safety Policy<\/a>\n\t\t\t\t\t<\/div>\n\t\t\t\t\t<div id=\"elementor-tab-content-1568\" class=\"elementor-tab-content elementor-clearfix\" data-tab=\"8\" role=\"region\" aria-labelledby=\"elementor-tab-title-1568\"><p>While producing metal and plastic packaging for the chemistry and food industries, <strong>Emini\u015f Packaging<\/strong> has set a priority target to ensure safe working conditions and to complete operations safely in all its activities. Within the framework of the OHS Management System, it undertakes to effectively control activities to prevent personal injury, loss of life, health deterioration, damage to property and destruction of the environment.<\/p>\n<p>The company will make the necessary changes and arrangements in line with the targets set within the framework of these rules and auxiliary systems. The Company undertakes to make the necessary arrangements to achieve the following objectives during all operations:<\/p>\n<ul>\n<li>Evaluating the performance of the OHS management system and ensuring its continuous improvement by following the legal requirements, customer conditions and other conditions such as relevant legislation, laws, regulations and new rules published,<\/li>\n<li>To ensure the continuity of operational development by analyzing occupational accidents, identifying their root causes and ensuring the development of procedures.<\/li>\n<li>By ensuring compliance with health and safety rules, to prevent possible occupational diseases, physical injury and loss of life, to provide necessary personnel training,<\/li>\n<li>Keeping the technical and operational efficiency of equipment and equipment at the highest possible level by making use of technological innovations, ensuring that possible faults are eliminated as quickly as possible by regularly checking them within the framework of the Planned Maintenance Program, storing or supplying the necessary spare parts,<\/li>\n<li>To take the necessary measures against all the identified risks, to evaluate the measures taken and to ensure that the necessary changes are made,<\/li>\n<li>To provide awareness-raising trainings for everyone working on behalf of Emini\u015f to assimilate the company&#8217;s OHS Policy and targets, to ensure that our policy is announced to the public.<\/li>\n<li>Establishing an emergency response plan for occupational safety, keeping the necessary human resources and other equipment constantly available, revising them and carrying out planned\/unplanned exercises, ensuring that all personnel participate in the exercises.<\/li>\n<\/ul>\n<\/div>\n\t\t\t\t<\/div>\n\t\t\t\t\t\t\t<div class=\"elementor-accordion-item\">\n\t\t\t\t\t<div id=\"elementor-tab-title-1569\" class=\"elementor-tab-title\" data-tab=\"9\" role=\"button\" aria-controls=\"elementor-tab-content-1569\" aria-expanded=\"false\">\n\t\t\t\t\t\t\t\t\t\t\t\t\t<span class=\"elementor-accordion-icon elementor-accordion-icon-left\" aria-hidden=\"true\">\n\t\t\t\t\t\t\t\t\t\t\t\t\t\t\t<span class=\"elementor-accordion-icon-closed\"><i class=\"fas fa-chevron-right\"><\/i><\/span>\n\t\t\t\t\t\t\t\t<span class=\"elementor-accordion-icon-opened\"><i class=\"fas fa-minus\"><\/i><\/span>\n\t\t\t\t\t\t\t\t\t\t\t\t\t\t<\/span>\n\t\t\t\t\t\t\t\t\t\t\t\t<a class=\"elementor-accordion-title\" tabindex=\"0\">KVKK Illumination Text<\/a>\n\t\t\t\t\t<\/div>\n\t\t\t\t\t<div id=\"elementor-tab-content-1569\" class=\"elementor-tab-content elementor-clearfix\" data-tab=\"9\" role=\"region\" aria-labelledby=\"elementor-tab-title-1569\"><p>This clarification text is provided by <strong>EMINI\u015e AMBALAJ SAN.<\/strong> in the capacity of data controller within the scope of the Communiqu\u00e9 on the Procedures and Principles to be Followed in the Fulfillment of the Disclosure Obligation with Article 10 of the Personal Data Protection Law No. 6698 (the \u201cLaw\u201d). and tic. A.Sh. Prepared by (\u201dEMINI\u015e&#8221;).<\/p>\n<p>Execution of Application Processes of Candidates, Execution of Employee Candidate Selection and Placement Processes, and Human Resources, by contacting you via our company&#8217;s website <a href=\"https:\/\/www.eminis.com.tr\">https:\/\/www.eminis.com.tr,<\/a> by sending us your Name, Surname, E-Mail Address, Telephone Number and CV. It is processed for the purposes of Planning Resources Processes.<\/p>\n<p>The personal data in question are processed automatically through our website <a href=\"https:\/\/www.eminis.com.tr\">https:\/\/www.eminis.com.tr\/<\/a> based on the legal reason &#8220;the person concerned has been made public by himself&#8221; specified in Article 5 of the Law; however, it is not transferred to any third party.<\/p>\n<p>You can submit your requests within the scope of Article 11 of the Law &#8220;regulating the rights of the data subject&#8221; to EMINIS in accordance with the Communiqu\u00e9 on Application Procedures and Principles to the Data Controller.<\/p>\n<\/div>\n\t\t\t\t<\/div>\n\t\t\t\t\t\t\t<div class=\"elementor-accordion-item\">\n\t\t\t\t\t<div id=\"elementor-tab-title-15610\" class=\"elementor-tab-title\" data-tab=\"10\" role=\"button\" aria-controls=\"elementor-tab-content-15610\" aria-expanded=\"false\">\n\t\t\t\t\t\t\t\t\t\t\t\t\t<span class=\"elementor-accordion-icon elementor-accordion-icon-left\" aria-hidden=\"true\">\n\t\t\t\t\t\t\t\t\t\t\t\t\t\t\t<span class=\"elementor-accordion-icon-closed\"><i class=\"fas fa-chevron-right\"><\/i><\/span>\n\t\t\t\t\t\t\t\t<span class=\"elementor-accordion-icon-opened\"><i class=\"fas fa-minus\"><\/i><\/span>\n\t\t\t\t\t\t\t\t\t\t\t\t\t\t<\/span>\n\t\t\t\t\t\t\t\t\t\t\t\t<a class=\"elementor-accordion-title\" tabindex=\"0\">Emini\u015f Ecovadis Score<\/a>\n\t\t\t\t\t<\/div>\n\t\t\t\t\t<div id=\"elementor-tab-content-15610\" class=\"elementor-tab-content elementor-clearfix\" data-tab=\"10\" role=\"region\" aria-labelledby=\"elementor-tab-title-15610\"><p><img decoding=\"async\" class=\"alignnone wp-image-988 size-full\" src=\"https:\/\/eminis.com.tr\/wp-content\/uploads\/2022\/06\/Eminis-Ecovadis-Score.jpg\" alt=\"\" width=\"1280\" height=\"841\" srcset=\"https:\/\/eminis.com.tr\/wp-content\/uploads\/2022\/06\/Eminis-Ecovadis-Score.jpg 1280w, https:\/\/eminis.com.tr\/wp-content\/uploads\/2022\/06\/Eminis-Ecovadis-Score-600x394.jpg 600w, https:\/\/eminis.com.tr\/wp-content\/uploads\/2022\/06\/Eminis-Ecovadis-Score-300x197.jpg 300w, https:\/\/eminis.com.tr\/wp-content\/uploads\/2022\/06\/Eminis-Ecovadis-Score-1024x673.jpg 1024w, https:\/\/eminis.com.tr\/wp-content\/uploads\/2022\/06\/Eminis-Ecovadis-Score-768x505.jpg 768w\" sizes=\"(max-width: 1280px) 100vw, 1280px\" \/><\/p>\n<\/div>\n\t\t\t\t<\/div>\n\t\t\t\t\t\t\t<div class=\"elementor-accordion-item\">\n\t\t\t\t\t<div id=\"elementor-tab-title-15611\" class=\"elementor-tab-title\" data-tab=\"11\" role=\"button\" aria-controls=\"elementor-tab-content-15611\" aria-expanded=\"false\">\n\t\t\t\t\t\t\t\t\t\t\t\t\t<span class=\"elementor-accordion-icon elementor-accordion-icon-left\" aria-hidden=\"true\">\n\t\t\t\t\t\t\t\t\t\t\t\t\t\t\t<span class=\"elementor-accordion-icon-closed\"><i class=\"fas fa-chevron-right\"><\/i><\/span>\n\t\t\t\t\t\t\t\t<span class=\"elementor-accordion-icon-opened\"><i class=\"fas fa-minus\"><\/i><\/span>\n\t\t\t\t\t\t\t\t\t\t\t\t\t\t<\/span>\n\t\t\t\t\t\t\t\t\t\t\t\t<a class=\"elementor-accordion-title\" tabindex=\"0\">Certificates<\/a>\n\t\t\t\t\t<\/div>\n\t\t\t\t\t<div id=\"elementor-tab-content-15611\" class=\"elementor-tab-content elementor-clearfix\" data-tab=\"11\" role=\"region\" aria-labelledby=\"elementor-tab-title-15611\"><p>EMINIS PACKAGING INDUSTRY VETICARET INC. <a href=\"https:\/\/eminis.com.tr\/wp-content\/uploads\/2022\/06\/EMINIS-14001-TR..pdf\">Click to see<\/a> the ISO 14001:2015 certificate.<\/p>\n<p>EMINIS PACKAGING INDUSTRY VETICARET INC.<a href=\"https:\/\/eminis.com.tr\/wp-content\/uploads\/2022\/06\/EMINIS-9001-TR..pdf\">Click to see <\/a> the ISO 9001:2015 certificate.<\/p>\n<\/div>\n\t\t\t\t<\/div>\n\t\t\t\t\t\t\t\t<\/div>\n\t\t\t\t\t\t<\/div>\n\t\t\t\t<\/div>\n\t\t\t\t\t<\/div>\n\t\t<\/div>\n\t\t\t\t\t<\/div>\n\t\t<\/section>\n\t\t\t\t<section class=\"elementor-section elementor-top-section elementor-element elementor-element-f33ba7c elementor-section-stretched elementor-section-boxed elementor-section-height-default elementor-section-height-default\" data-id=\"f33ba7c\" data-element_type=\"section\" data-e-type=\"section\" data-settings=\"{&quot;stretch_section&quot;:&quot;section-stretched&quot;,&quot;background_background&quot;:&quot;classic&quot;}\">\n\t\t\t\t\t\t<div class=\"elementor-container elementor-column-gap-no\">\n\t\t\t\t\t<div class=\"elementor-column elementor-col-100 elementor-top-column elementor-element elementor-element-3c5383f\" data-id=\"3c5383f\" data-element_type=\"column\" data-e-type=\"column\">\n\t\t\t<div class=\"elementor-widget-wrap elementor-element-populated\">\n\t\t\t\t\t\t<div class=\"elementor-element elementor-element-287a588 elementor-widget elementor-widget-download\" data-id=\"287a588\" data-element_type=\"widget\" data-e-type=\"widget\" data-widget_type=\"download.default\">\n\t\t\t\t<div class=\"elementor-widget-container\">\n\t\t\t\t\t<div class=\"download\"><div class='download-content text-uppercase' style='color: #FFFFFF'><i class='fa far fa-file-pdf'><\/i> \u00dcR\u00dcN KATALO\u011eUMUZU \u0130NCELEY\u0130N<\/div><a target='_self' href='https:\/\/eminis.com.tr\/wp-content\/uploads\/2022\/09\/Eminis-Ambalaj-Katalog-20202-TR-1.pdf' class='btn btn-md btn-dark btn-shadow'><i class='fa fas fa-cloud-download-alt'><\/i> \u0130NCELE<\/a><\/div>\t\t\t\t<\/div>\n\t\t\t\t<\/div>\n\t\t\t\t\t<\/div>\n\t\t<\/div>\n\t\t\t\t\t<\/div>\n\t\t<\/section>\n\t\t\t\t<\/div>\n\t\t","protected":false},"excerpt":{"rendered":"<p>Emini\u015f AmbalajABOUT US Emini\u015f Packaging took its first step into the plastic and metal packaging production sector in 1970. While serving to paint and chemical industry companies in the first years, it expanded its service network with the food sector. &hellip;<\/p>\n","protected":false},"author":1,"featured_media":0,"parent":0,"menu_order":0,"comment_status":"closed","ping_status":"closed","template":"","meta":{"footnotes":""},"class_list":["post-1756","page","type-page","status-publish","hentry"],"yoast_head":"<!-- This site is optimized with the Yoast SEO plugin v27.5 - https:\/\/yoast.com\/product\/yoast-seo-wordpress\/ -->\n<title>Corporate - Plastik Kova, Metal Kova, Metal Pail Manufacturer, Plastic Industrial Bucket Manufacturer, metal packaging manufacturer in Europe,plastik ambalaj \u00fcreticileri<\/title>\n<meta name=\"description\" content=\"Emini\u015f Ambalaj, T\u00fcrkiye merkezli 1970&#039;den beri hizmet veren bir metal ve plastik ambalaj \u015firketidir. \u015eirket boya, kimya ve g\u0131da end\u00fcstrileri i\u00e7in pek \u00e7ok \u00fcr\u00fcn envanterine sahiptir. %\" \/>\n<meta name=\"robots\" content=\"index, follow, max-snippet:-1, max-image-preview:large, max-video-preview:-1\" \/>\n<link rel=\"canonical\" href=\"https:\/\/eminis.com.tr\/en\/about-us\/\" \/>\n<meta property=\"og:locale\" content=\"en_US\" \/>\n<meta property=\"og:type\" content=\"article\" \/>\n<meta property=\"og:title\" content=\"Corporate - Plastik Kova, Metal Kova, Metal Pail Manufacturer, Plastic Industrial Bucket Manufacturer, metal packaging manufacturer in Europe,plastik ambalaj \u00fcreticileri\" \/>\n<meta property=\"og:description\" content=\"Emini\u015f Ambalaj, T\u00fcrkiye merkezli 1970&#039;den beri hizmet veren bir metal ve plastik ambalaj \u015firketidir. \u015eirket boya, kimya ve g\u0131da end\u00fcstrileri i\u00e7in pek \u00e7ok \u00fcr\u00fcn envanterine sahiptir. %\" \/>\n<meta property=\"og:url\" content=\"https:\/\/eminis.com.tr\/en\/about-us\/\" \/>\n<meta property=\"og:site_name\" content=\"Plastik Kova, Metal Kova, Metal Pail Manufacturer, Plastic Industrial Bucket Manufacturer, metal packaging manufacturer in Europe,plastik ambalaj \u00fcreticileri\" \/>\n<meta property=\"article:publisher\" content=\"https:\/\/www.facebook.com\/EminisAmbalaj\/\" \/>\n<meta property=\"article:modified_time\" content=\"2025-05-06T09:02:56+00:00\" \/>\n<meta property=\"og:image\" content=\"https:\/\/eminis.com.tr\/wp-content\/uploads\/2022\/05\/genelmerkezeminisambalaj.jpg\" \/>\n\t<meta property=\"og:image:width\" content=\"590\" \/>\n\t<meta property=\"og:image:height\" content=\"394\" \/>\n\t<meta property=\"og:image:type\" content=\"image\/jpeg\" \/>\n<meta name=\"twitter:card\" content=\"summary_large_image\" \/>\n<meta name=\"twitter:label1\" content=\"Est. reading time\" \/>\n\t<meta name=\"twitter:data1\" content=\"10 minutes\" \/>\n<script type=\"application\/ld+json\" class=\"yoast-schema-graph\">{\"@context\":\"https:\\\/\\\/schema.org\",\"@graph\":[{\"@type\":\"WebPage\",\"@id\":\"https:\\\/\\\/eminis.com.tr\\\/en\\\/about-us\\\/\",\"url\":\"https:\\\/\\\/eminis.com.tr\\\/en\\\/about-us\\\/\",\"name\":\"Corporate - Plastik Kova, Metal Kova, Metal Pail Manufacturer, Plastic Industrial Bucket Manufacturer, metal packaging manufacturer in Europe,plastik ambalaj \u00fcreticileri\",\"isPartOf\":{\"@id\":\"https:\\\/\\\/eminis.com.tr\\\/en\\\/#website\"},\"primaryImageOfPage\":{\"@id\":\"https:\\\/\\\/eminis.com.tr\\\/en\\\/about-us\\\/#primaryimage\"},\"image\":{\"@id\":\"https:\\\/\\\/eminis.com.tr\\\/en\\\/about-us\\\/#primaryimage\"},\"thumbnailUrl\":\"https:\\\/\\\/eminis.com.tr\\\/wp-content\\\/uploads\\\/2022\\\/05\\\/genelmerkezeminisambalaj.jpg\",\"datePublished\":\"2020-03-16T10:04:08+00:00\",\"dateModified\":\"2025-05-06T09:02:56+00:00\",\"description\":\"Emini\u015f Ambalaj, T\u00fcrkiye merkezli 1970'den beri hizmet veren bir metal ve plastik ambalaj \u015firketidir. \u015eirket boya, kimya ve g\u0131da end\u00fcstrileri i\u00e7in pek \u00e7ok \u00fcr\u00fcn envanterine sahiptir. %\",\"breadcrumb\":{\"@id\":\"https:\\\/\\\/eminis.com.tr\\\/en\\\/about-us\\\/#breadcrumb\"},\"inLanguage\":\"en-US\",\"potentialAction\":[{\"@type\":\"ReadAction\",\"target\":[\"https:\\\/\\\/eminis.com.tr\\\/en\\\/about-us\\\/\"]}]},{\"@type\":\"ImageObject\",\"inLanguage\":\"en-US\",\"@id\":\"https:\\\/\\\/eminis.com.tr\\\/en\\\/about-us\\\/#primaryimage\",\"url\":\"https:\\\/\\\/eminis.com.tr\\\/wp-content\\\/uploads\\\/2022\\\/05\\\/genelmerkezeminisambalaj.jpg\",\"contentUrl\":\"https:\\\/\\\/eminis.com.tr\\\/wp-content\\\/uploads\\\/2022\\\/05\\\/genelmerkezeminisambalaj.jpg\"},{\"@type\":\"BreadcrumbList\",\"@id\":\"https:\\\/\\\/eminis.com.tr\\\/en\\\/about-us\\\/#breadcrumb\",\"itemListElement\":[{\"@type\":\"ListItem\",\"position\":1,\"name\":\"Anasayfa\",\"item\":\"https:\\\/\\\/eminis.com.tr\\\/en\\\/\"},{\"@type\":\"ListItem\",\"position\":2,\"name\":\"Corporate\"}]},{\"@type\":\"WebSite\",\"@id\":\"https:\\\/\\\/eminis.com.tr\\\/en\\\/#website\",\"url\":\"https:\\\/\\\/eminis.com.tr\\\/en\\\/\",\"name\":\"Plastik Kova, Metal Kova, Metal Pail Manufacturer, Plastic Industrial Bucket Manufacturer, metal packaging manufacturer in Europe,plastik ambalaj \u00fcreticileri\",\"description\":\"Emini\u015f Ambalaj - 1970&#039;den beri Ambalaj\u0131n\u0131z Emin Ellerde\",\"publisher\":{\"@id\":\"https:\\\/\\\/eminis.com.tr\\\/en\\\/#organization\"},\"potentialAction\":[{\"@type\":\"SearchAction\",\"target\":{\"@type\":\"EntryPoint\",\"urlTemplate\":\"https:\\\/\\\/eminis.com.tr\\\/en\\\/?s={search_term_string}\"},\"query-input\":{\"@type\":\"PropertyValueSpecification\",\"valueRequired\":true,\"valueName\":\"search_term_string\"}}],\"inLanguage\":\"en-US\"},{\"@type\":\"Organization\",\"@id\":\"https:\\\/\\\/eminis.com.tr\\\/en\\\/#organization\",\"name\":\"EM\u0130N\u0130\u015e AMBALAJ SAN. ve T\u0130C. A.\u015e.\",\"url\":\"https:\\\/\\\/eminis.com.tr\\\/en\\\/\",\"logo\":{\"@type\":\"ImageObject\",\"inLanguage\":\"en-US\",\"@id\":\"https:\\\/\\\/eminis.com.tr\\\/en\\\/#\\\/schema\\\/logo\\\/image\\\/\",\"url\":\"https:\\\/\\\/eminis.com.tr\\\/wp-content\\\/uploads\\\/2022\\\/04\\\/Logo.png\",\"contentUrl\":\"https:\\\/\\\/eminis.com.tr\\\/wp-content\\\/uploads\\\/2022\\\/04\\\/Logo.png\",\"width\":250,\"height\":75,\"caption\":\"EM\u0130N\u0130\u015e AMBALAJ SAN. ve T\u0130C. A.\u015e.\"},\"image\":{\"@id\":\"https:\\\/\\\/eminis.com.tr\\\/en\\\/#\\\/schema\\\/logo\\\/image\\\/\"},\"sameAs\":[\"https:\\\/\\\/www.facebook.com\\\/EminisAmbalaj\\\/\",\"https:\\\/\\\/www.instagram.com\\\/eminisambalaj\\\/\",\"https:\\\/\\\/tr.linkedin.com\\\/company\\\/eminis\"]}]}<\/script>\n<!-- \/ Yoast SEO plugin. -->","yoast_head_json":{"title":"Corporate - Plastik Kova, Metal Kova, Metal Pail Manufacturer, Plastic Industrial Bucket Manufacturer, metal packaging manufacturer in Europe,plastik ambalaj \u00fcreticileri","description":"Emini\u015f Ambalaj, T\u00fcrkiye merkezli 1970'den beri hizmet veren bir metal ve plastik ambalaj \u015firketidir. \u015eirket boya, kimya ve g\u0131da end\u00fcstrileri i\u00e7in pek \u00e7ok \u00fcr\u00fcn envanterine sahiptir. %","robots":{"index":"index","follow":"follow","max-snippet":"max-snippet:-1","max-image-preview":"max-image-preview:large","max-video-preview":"max-video-preview:-1"},"canonical":"https:\/\/eminis.com.tr\/en\/about-us\/","og_locale":"en_US","og_type":"article","og_title":"Corporate - Plastik Kova, Metal Kova, Metal Pail Manufacturer, Plastic Industrial Bucket Manufacturer, metal packaging manufacturer in Europe,plastik ambalaj \u00fcreticileri","og_description":"Emini\u015f Ambalaj, T\u00fcrkiye merkezli 1970'den beri hizmet veren bir metal ve plastik ambalaj \u015firketidir. \u015eirket boya, kimya ve g\u0131da end\u00fcstrileri i\u00e7in pek \u00e7ok \u00fcr\u00fcn envanterine sahiptir. %","og_url":"https:\/\/eminis.com.tr\/en\/about-us\/","og_site_name":"Plastik Kova, Metal Kova, Metal Pail Manufacturer, Plastic Industrial Bucket Manufacturer, metal packaging manufacturer in Europe,plastik ambalaj \u00fcreticileri","article_publisher":"https:\/\/www.facebook.com\/EminisAmbalaj\/","article_modified_time":"2025-05-06T09:02:56+00:00","og_image":[{"width":590,"height":394,"url":"https:\/\/eminis.com.tr\/wp-content\/uploads\/2022\/05\/genelmerkezeminisambalaj.jpg","type":"image\/jpeg"}],"twitter_card":"summary_large_image","twitter_misc":{"Est. reading time":"10 minutes"},"schema":{"@context":"https:\/\/schema.org","@graph":[{"@type":"WebPage","@id":"https:\/\/eminis.com.tr\/en\/about-us\/","url":"https:\/\/eminis.com.tr\/en\/about-us\/","name":"Corporate - Plastik Kova, Metal Kova, Metal Pail Manufacturer, Plastic Industrial Bucket Manufacturer, metal packaging manufacturer in Europe,plastik ambalaj \u00fcreticileri","isPartOf":{"@id":"https:\/\/eminis.com.tr\/en\/#website"},"primaryImageOfPage":{"@id":"https:\/\/eminis.com.tr\/en\/about-us\/#primaryimage"},"image":{"@id":"https:\/\/eminis.com.tr\/en\/about-us\/#primaryimage"},"thumbnailUrl":"https:\/\/eminis.com.tr\/wp-content\/uploads\/2022\/05\/genelmerkezeminisambalaj.jpg","datePublished":"2020-03-16T10:04:08+00:00","dateModified":"2025-05-06T09:02:56+00:00","description":"Emini\u015f Ambalaj, T\u00fcrkiye merkezli 1970'den beri hizmet veren bir metal ve plastik ambalaj \u015firketidir. \u015eirket boya, kimya ve g\u0131da end\u00fcstrileri i\u00e7in pek \u00e7ok \u00fcr\u00fcn envanterine sahiptir. %","breadcrumb":{"@id":"https:\/\/eminis.com.tr\/en\/about-us\/#breadcrumb"},"inLanguage":"en-US","potentialAction":[{"@type":"ReadAction","target":["https:\/\/eminis.com.tr\/en\/about-us\/"]}]},{"@type":"ImageObject","inLanguage":"en-US","@id":"https:\/\/eminis.com.tr\/en\/about-us\/#primaryimage","url":"https:\/\/eminis.com.tr\/wp-content\/uploads\/2022\/05\/genelmerkezeminisambalaj.jpg","contentUrl":"https:\/\/eminis.com.tr\/wp-content\/uploads\/2022\/05\/genelmerkezeminisambalaj.jpg"},{"@type":"BreadcrumbList","@id":"https:\/\/eminis.com.tr\/en\/about-us\/#breadcrumb","itemListElement":[{"@type":"ListItem","position":1,"name":"Anasayfa","item":"https:\/\/eminis.com.tr\/en\/"},{"@type":"ListItem","position":2,"name":"Corporate"}]},{"@type":"WebSite","@id":"https:\/\/eminis.com.tr\/en\/#website","url":"https:\/\/eminis.com.tr\/en\/","name":"Plastik Kova, Metal Kova, Metal Pail Manufacturer, Plastic Industrial Bucket Manufacturer, metal packaging manufacturer in Europe,plastik ambalaj \u00fcreticileri","description":"Emini\u015f Ambalaj - 1970&#039;den beri Ambalaj\u0131n\u0131z Emin Ellerde","publisher":{"@id":"https:\/\/eminis.com.tr\/en\/#organization"},"potentialAction":[{"@type":"SearchAction","target":{"@type":"EntryPoint","urlTemplate":"https:\/\/eminis.com.tr\/en\/?s={search_term_string}"},"query-input":{"@type":"PropertyValueSpecification","valueRequired":true,"valueName":"search_term_string"}}],"inLanguage":"en-US"},{"@type":"Organization","@id":"https:\/\/eminis.com.tr\/en\/#organization","name":"EM\u0130N\u0130\u015e AMBALAJ SAN. ve T\u0130C. A.\u015e.","url":"https:\/\/eminis.com.tr\/en\/","logo":{"@type":"ImageObject","inLanguage":"en-US","@id":"https:\/\/eminis.com.tr\/en\/#\/schema\/logo\/image\/","url":"https:\/\/eminis.com.tr\/wp-content\/uploads\/2022\/04\/Logo.png","contentUrl":"https:\/\/eminis.com.tr\/wp-content\/uploads\/2022\/04\/Logo.png","width":250,"height":75,"caption":"EM\u0130N\u0130\u015e AMBALAJ SAN. ve T\u0130C. A.\u015e."},"image":{"@id":"https:\/\/eminis.com.tr\/en\/#\/schema\/logo\/image\/"},"sameAs":["https:\/\/www.facebook.com\/EminisAmbalaj\/","https:\/\/www.instagram.com\/eminisambalaj\/","https:\/\/tr.linkedin.com\/company\/eminis"]}]}},"_links":{"self":[{"href":"https:\/\/eminis.com.tr\/en\/wp-json\/wp\/v2\/pages\/1756","targetHints":{"allow":["GET"]}}],"collection":[{"href":"https:\/\/eminis.com.tr\/en\/wp-json\/wp\/v2\/pages"}],"about":[{"href":"https:\/\/eminis.com.tr\/en\/wp-json\/wp\/v2\/types\/page"}],"author":[{"embeddable":true,"href":"https:\/\/eminis.com.tr\/en\/wp-json\/wp\/v2\/users\/1"}],"replies":[{"embeddable":true,"href":"https:\/\/eminis.com.tr\/en\/wp-json\/wp\/v2\/comments?post=1756"}],"version-history":[{"count":2,"href":"https:\/\/eminis.com.tr\/en\/wp-json\/wp\/v2\/pages\/1756\/revisions"}],"predecessor-version":[{"id":2959,"href":"https:\/\/eminis.com.tr\/en\/wp-json\/wp\/v2\/pages\/1756\/revisions\/2959"}],"wp:attachment":[{"href":"https:\/\/eminis.com.tr\/en\/wp-json\/wp\/v2\/media?parent=1756"}],"curies":[{"name":"wp","href":"https:\/\/api.w.org\/{rel}","templated":true}]}}